{"id":1801,"date":"2025-03-28T07:20:55","date_gmt":"2025-03-28T14:20:55","guid":{"rendered":"https:\/\/giorgio.land\/?page_id=1801"},"modified":"2026-08-22T02:04:13","modified_gmt":"2026-08-22T00:04:13","slug":"zafferano","status":"publish","type":"page","link":"https:\/\/giorgio.land\/de\/zafferano\/","title":{"rendered":"Bio-Safranf\u00e4den"},"content":{"rendered":"<style>\n@media (max-width:781px){\n .page-id-1801 .tdg-saffron-hero{padding-top:148px!important}\n .page-id-1801 .tdg-saffron-hero h1{font-size:44px!important;line-height:1.08!important;overflow-wrap:normal!important;word-break:normal!important;hyphens:none!important}\n}\n<\/style>\n\n\n\n<div class=\"wp-block-group alignfull tdg-saffron-hero has-background\" data-dsgo-inline-bg=\"1\" style=\"background-color:#f4f0e8;padding-top:96px;padding-right:24px;padding-bottom:72px;padding-left:24px;color:#000000 !important;--dsgo-text-color:#000000;\"><div class=\"wp-block-group__inner-container is-layout-constrained wp-container-core-group-is-layout-584c14fe wp-block-group-is-layout-constrained\">\n<div class=\"wp-block-columns are-vertically-aligned-center is-layout-flex wp-container-core-columns-is-layout-a383baf7 wp-block-columns-is-layout-flex\">\n<div class=\"wp-block-column is-vertically-aligned-center is-layout-flow wp-block-column-is-layout-flow\" style=\"flex-basis:56%\">\n<h1 class=\"wp-block-heading\" style=\"margin-bottom:24px;font-size:56px;line-height:1.08\">Reine Bio-Safranf\u00e4den<\/h1>\n\n\n\n<p style=\"margin-bottom:32px;font-size:22px;line-height:1.6\">Bei Terre di Giorgio bauen wir Bio-Safran in der Landschaft des Val d\u2019Orcia an. Wir bieten ausschlie\u00dflich reine Safranf\u00e4den an \u2013 ein unverf\u00e4lschtes Erzeugnis unseres Bio-Landguts.<\/p>\n\n\n\n<div class=\"wp-block-buttons is-layout-flex wp-block-buttons-is-layout-flex\">\n<div class=\"wp-block-button\"><a class=\"wp-block-button__link has-background wp-element-button\" href=\"https:\/\/shop.giorgio.land\/\" style=\"border-radius:4px;background-color:#b66a25\" target=\"_blank\" rel=\"noreferrer noopener\">Entdecken Sie den Online-Shop<\/a><\/div>\n\n\n\n<div class=\"wp-block-button is-style-outline is-style-outline--1\"><a class=\"wp-block-button__link wp-element-button\" href=\"https:\/\/giorgio.land\/de\/prodotti\/\" style=\"border-radius:4px\">Alle Produkte<\/a><\/div>\n<\/div>\n<\/div>\n\n\n\n<div class=\"wp-block-column is-vertically-aligned-center is-layout-flow wp-block-column-is-layout-flow\" style=\"flex-basis:44%\">\n<figure class=\"wp-block-image size-full has-custom-border\"><img fetchpriority=\"high\" decoding=\"async\" width=\"1333\" height=\"2000\" src=\"https:\/\/giorgio.land\/wp-content\/uploads\/2026\/02\/6.png\" alt=\"Reine Bio-Safranf\u00e4den von Terre di Giorgio\" class=\"wp-image-2170\" style=\"border-radius:8px\" srcset=\"https:\/\/giorgio.land\/wp-content\/uploads\/2026\/02\/6.png 1333w, https:\/\/giorgio.land\/wp-content\/uploads\/2026\/02\/6-200x300.png 200w, https:\/\/giorgio.land\/wp-content\/uploads\/2026\/02\/6-682x1024.png 682w, https:\/\/giorgio.land\/wp-content\/uploads\/2026\/02\/6-768x1152.png 768w, https:\/\/giorgio.land\/wp-content\/uploads\/2026\/02\/6-1024x1536.png 1024w, https:\/\/giorgio.land\/wp-content\/uploads\/2026\/02\/6-720x1080.png 720w\" sizes=\"(max-width: 1333px) 100vw, 1333px\" \/><\/figure>\n<\/div>\n<\/div>\n<\/div><\/div>\n\n\n\n<div class=\"wp-block-group\" style=\"padding-top:72px;padding-right:24px;padding-bottom:80px;padding-left:24px\"><div class=\"wp-block-group__inner-container is-layout-constrained wp-container-core-group-is-layout-1024384f wp-block-group-is-layout-constrained\">\n<h2 class=\"wp-block-heading\" style=\"margin-bottom:20px\">Von der Ernte bis zur Trocknung<\/h2>\n\n\n\n<p class=\"has-large-font-size\">Jeder Arbeitsschritt erfolgt sorgf\u00e4ltig und mit m\u00f6glichst geringem Eingriff: Wir ernten die Bl\u00fcten von Hand, l\u00f6sen die Safranf\u00e4den behutsam heraus und trocknen sie kontrolliert. So bleiben intensives Aroma, Farbe und Reinheit erhalten.<\/p>\n\n\n\n<hr class=\"wp-block-separator has-alpha-channel-opacity\" style=\"margin-top:48px;margin-bottom:48px\"\/>\n\n\n\n<h2 class=\"wp-block-heading\" style=\"margin-bottom:20px\">Ein Erzeugnis aus eigenem Anbau<\/h2>\n\n\n\n<p class=\"has-large-font-size\">Auf unserem Landgut wirtschaften wir nach den Grunds\u00e4tzen des \u00f6kologischen Landbaus. Safran geh\u00f6rt ebenso zu unseren Erzeugnissen wie die Weine CALUS und DIANA, das native Oliven\u00f6l extra CALUS und unser Grappa.<\/p>\n\n\n\n<p>Einen \u00dcberblick \u00fcber unser gesamtes Sortiment bietet die Seite Produkte; im Shop sehen Sie, was aktuell online erh\u00e4ltlich ist.<\/p>\n\n\n\n<div class=\"wp-block-buttons is-layout-flex wp-block-buttons-is-layout-flex\" style=\"margin-top:28px\">\n<div class=\"wp-block-button\"><a class=\"wp-block-button__link has-background wp-element-button\" href=\"https:\/\/giorgio.land\/de\/prodotti\/\" style=\"border-radius:4px;background-color:#125721\">Zur\u00fcck zu den Produkten<\/a><\/div>\n<\/div>\n<\/div><\/div>","protected":false},"excerpt":{"rendered":"<p>Zafferano biologico puro in pistilli A Terre di Giorgio coltiviamo zafferano biologico nel paesaggio della Val d\u2019Orcia. Lo proponiamo puro in pistilli, come espressione essenziale della nostra azienda agricola. Dalla raccolta all\u2019essiccazione La produzione segue passaggi accurati e a basso impatto: i fiori vengono raccolti e sfiorati manualmente, quindi i pistilli passano attraverso un\u2019essiccazione controllata. [&hellip;]<\/p>\n","protected":false},"author":2,"featured_media":2170,"parent":0,"menu_order":0,"comment_status":"closed","ping_status":"closed","template":"full-width","meta":{"saved_in_kubio":false,"footnotes":""},"class_list":["post-1801","page","type-page","status-publish","has-post-thumbnail","hentry"],"kubio_ai_page_context":{"short_desc":"","purpose":"general"},"yoast_head":"<!-- This site is optimized with the Yoast SEO plugin v28.4 - https:\/\/yoast.com\/product\/yoast-seo-wordpress\/ -->\n<title>Zafferano biologico in pistilli | Terre di Giorgio<\/title>\n<meta name=\"description\" content=\"Scopri lo zafferano biologico puro in pistilli coltivato da Terre di Giorgio in Val d\u2019Orcia e gli altri prodotti della nostra azienda agricola.\" \/>\n<meta name=\"robots\" content=\"index, follow, max-snippet:-1, max-image-preview:large, max-video-preview:-1\" \/>\n<link rel=\"canonical\" href=\"https:\/\/giorgio.land\/de\/zafferano\/\" \/>\n<meta property=\"og:locale\" content=\"de_DE\" \/>\n<meta property=\"og:type\" content=\"article\" \/>\n<meta property=\"og:title\" content=\"Zafferano biologico in pistilli | Terre di Giorgio\" \/>\n<meta property=\"og:description\" content=\"Scopri lo zafferano biologico puro in pistilli coltivato da Terre di Giorgio in Val d\u2019Orcia e gli altri prodotti della nostra azienda agricola.\" \/>\n<meta property=\"og:url\" content=\"https:\/\/giorgio.land\/de\/zafferano\/\" \/>\n<meta property=\"og:site_name\" content=\"Terre di Giorgio\" \/>\n<meta property=\"article:publisher\" content=\"https:\/\/www.facebook.com\/profile.php?id=756019147604508\" \/>\n<meta property=\"article:modified_time\" content=\"2026-08-22T00:04:13+00:00\" \/>\n<meta property=\"og:image\" content=\"https:\/\/giorgio.land\/wp-content\/uploads\/2026\/02\/6.png\" \/>\n\t<meta property=\"og:image:width\" content=\"1333\" \/>\n\t<meta property=\"og:image:height\" content=\"2000\" \/>\n\t<meta property=\"og:image:type\" content=\"image\/png\" \/>\n<meta name=\"twitter:card\" content=\"summary_large_image\" \/>\n<meta name=\"twitter:label1\" content=\"Gesch\u00e4tzte Lesezeit\" \/>\n\t<meta name=\"twitter:data1\" content=\"2\u00a0Minuten\" \/>\n<script type=\"application\/ld+json\" class=\"yoast-schema-graph\">{\"@context\":\"https:\\\/\\\/schema.org\",\"@graph\":[{\"@type\":\"WebPage\",\"@id\":\"https:\\\/\\\/giorgio.land\\\/zafferano\\\/\",\"url\":\"https:\\\/\\\/giorgio.land\\\/zafferano\\\/\",\"name\":\"Zafferano biologico in pistilli | Terre di Giorgio\",\"isPartOf\":{\"@id\":\"https:\\\/\\\/giorgio.land\\\/#website\"},\"primaryImageOfPage\":{\"@id\":\"https:\\\/\\\/giorgio.land\\\/zafferano\\\/#primaryimage\"},\"image\":{\"@id\":\"https:\\\/\\\/giorgio.land\\\/zafferano\\\/#primaryimage\"},\"thumbnailUrl\":\"https:\\\/\\\/giorgio.land\\\/wp-content\\\/uploads\\\/2026\\\/02\\\/6.png\",\"datePublished\":\"2025-03-28T14:20:55+00:00\",\"dateModified\":\"2026-08-22T00:04:13+00:00\",\"description\":\"Scopri lo zafferano biologico puro in pistilli coltivato da Terre di Giorgio in Val d\u2019Orcia e gli altri prodotti della nostra azienda agricola.\",\"breadcrumb\":{\"@id\":\"https:\\\/\\\/giorgio.land\\\/zafferano\\\/#breadcrumb\"},\"inLanguage\":\"de\",\"potentialAction\":[{\"@type\":\"ReadAction\",\"target\":[\"https:\\\/\\\/giorgio.land\\\/zafferano\\\/\"]}]},{\"@type\":\"ImageObject\",\"inLanguage\":\"de\",\"@id\":\"https:\\\/\\\/giorgio.land\\\/zafferano\\\/#primaryimage\",\"url\":\"https:\\\/\\\/giorgio.land\\\/wp-content\\\/uploads\\\/2026\\\/02\\\/6.png\",\"contentUrl\":\"https:\\\/\\\/giorgio.land\\\/wp-content\\\/uploads\\\/2026\\\/02\\\/6.png\",\"width\":1333,\"height\":2000,\"caption\":\"Zafferano biologico puro in pistilli di Terre di Giorgio\"},{\"@type\":\"BreadcrumbList\",\"@id\":\"https:\\\/\\\/giorgio.land\\\/zafferano\\\/#breadcrumb\",\"itemListElement\":[{\"@type\":\"ListItem\",\"position\":1,\"name\":\"Home\",\"item\":\"https:\\\/\\\/giorgio.land\\\/\"},{\"@type\":\"ListItem\",\"position\":2,\"name\":\"Zafferano biologico in pistilli\"}]},{\"@type\":\"WebSite\",\"@id\":\"https:\\\/\\\/giorgio.land\\\/#website\",\"url\":\"https:\\\/\\\/giorgio.land\\\/\",\"name\":\"giorgio.land\",\"description\":\"Azienda agricola biologica, agriturismo e ristorante in Val d\u2019Orcia\",\"publisher\":{\"@id\":\"https:\\\/\\\/giorgio.land\\\/#organization\"},\"alternateName\":\"Terre di Giorgio\",\"potentialAction\":[{\"@type\":\"SearchAction\",\"target\":{\"@type\":\"EntryPoint\",\"urlTemplate\":\"https:\\\/\\\/giorgio.land\\\/?s={search_term_string}\"},\"query-input\":{\"@type\":\"PropertyValueSpecification\",\"valueRequired\":true,\"valueName\":\"search_term_string\"}}],\"inLanguage\":\"de\"},{\"@type\":\"Organization\",\"@id\":\"https:\\\/\\\/giorgio.land\\\/#organization\",\"name\":\"Terre di Giorgio\",\"url\":\"https:\\\/\\\/giorgio.land\\\/\",\"logo\":{\"@type\":\"ImageObject\",\"inLanguage\":\"de\",\"@id\":\"https:\\\/\\\/giorgio.land\\\/#\\\/schema\\\/logo\\\/image\\\/\",\"url\":\"https:\\\/\\\/giorgio.land\\\/wp-content\\\/uploads\\\/2026\\\/08\\\/terre-di-giorgio-favicon-transparent.png\",\"contentUrl\":\"https:\\\/\\\/giorgio.land\\\/wp-content\\\/uploads\\\/2026\\\/08\\\/terre-di-giorgio-favicon-transparent.png\",\"width\":1254,\"height\":1254,\"caption\":\"Terre di Giorgio\"},\"image\":{\"@id\":\"https:\\\/\\\/giorgio.land\\\/#\\\/schema\\\/logo\\\/image\\\/\"},\"sameAs\":[\"https:\\\/\\\/www.facebook.com\\\/profile.php?id=756019147604508\",\"https:\\\/\\\/www.instagram.com\\\/terredigiorgio\\\/\"]}]}<\/script>\n<!-- \/ Yoast SEO plugin. -->","yoast_head_json":{"title":"Bio-Safranf\u00e4den | Terre di Giorgio","description":"Entdecken Sie die reinen Bio-Safranf\u00e4den von Terre di Giorgio aus dem Val d\u2019Orcia und weitere Erzeugnisse unseres Bio-Landguts.","robots":{"index":"index","follow":"follow","max-snippet":"max-snippet:-1","max-image-preview":"max-image-preview:large","max-video-preview":"max-video-preview:-1"},"canonical":"https:\/\/giorgio.land\/de\/zafferano\/","og_locale":"de_DE","og_type":"article","og_title":"Zafferano biologico in pistilli | Terre di Giorgio","og_description":"Scopri lo zafferano biologico puro in pistilli coltivato da Terre di Giorgio in Val d\u2019Orcia e gli altri prodotti della nostra azienda agricola.","og_url":"https:\/\/giorgio.land\/de\/zafferano\/","og_site_name":"Terre di Giorgio","article_publisher":"https:\/\/www.facebook.com\/profile.php?id=756019147604508","article_modified_time":"2026-08-22T00:04:13+00:00","og_image":[{"width":1333,"height":2000,"url":"https:\/\/giorgio.land\/wp-content\/uploads\/2026\/02\/6.png","type":"image\/png"}],"twitter_card":"summary_large_image","twitter_misc":{"Gesch\u00e4tzte Lesezeit":"2\u00a0Minuten"},"schema":{"@context":"https:\/\/schema.org","@graph":[{"@type":"WebPage","@id":"https:\/\/giorgio.land\/zafferano\/","url":"https:\/\/giorgio.land\/zafferano\/","name":"Bio-Safranf\u00e4den | Terre di Giorgio","isPartOf":{"@id":"https:\/\/giorgio.land\/#website"},"primaryImageOfPage":{"@id":"https:\/\/giorgio.land\/zafferano\/#primaryimage"},"image":{"@id":"https:\/\/giorgio.land\/zafferano\/#primaryimage"},"thumbnailUrl":"https:\/\/giorgio.land\/wp-content\/uploads\/2026\/02\/6.png","datePublished":"2025-03-28T14:20:55+00:00","dateModified":"2026-08-22T00:04:13+00:00","description":"Entdecken Sie die reinen Bio-Safranf\u00e4den von Terre di Giorgio aus dem Val d\u2019Orcia und weitere Erzeugnisse unseres Bio-Landguts.","breadcrumb":{"@id":"https:\/\/giorgio.land\/zafferano\/#breadcrumb"},"inLanguage":"de","potentialAction":[{"@type":"ReadAction","target":["https:\/\/giorgio.land\/zafferano\/"]}]},{"@type":"ImageObject","inLanguage":"de","@id":"https:\/\/giorgio.land\/zafferano\/#primaryimage","url":"https:\/\/giorgio.land\/wp-content\/uploads\/2026\/02\/6.png","contentUrl":"https:\/\/giorgio.land\/wp-content\/uploads\/2026\/02\/6.png","width":1333,"height":2000,"caption":"Zafferano biologico puro in pistilli di Terre di Giorgio"},{"@type":"BreadcrumbList","@id":"https:\/\/giorgio.land\/zafferano\/#breadcrumb","itemListElement":[{"@type":"ListItem","position":1,"name":"Home","item":"https:\/\/giorgio.land\/"},{"@type":"ListItem","position":2,"name":"Zafferano biologico in pistilli"}]},{"@type":"WebSite","@id":"https:\/\/giorgio.land\/#website","url":"https:\/\/giorgio.land\/","name":"giorgio.land","description":"Biologischer Bauernhof, Agriturismo und Restaurant im Val d\u2019Orcia","publisher":{"@id":"https:\/\/giorgio.land\/#organization"},"alternateName":"Terre di Giorgio","potentialAction":[{"@type":"SearchAction","target":{"@type":"EntryPoint","urlTemplate":"https:\/\/giorgio.land\/?s={search_term_string}"},"query-input":{"@type":"PropertyValueSpecification","valueRequired":true,"valueName":"search_term_string"}}],"inLanguage":"de"},{"@type":"Organization","@id":"https:\/\/giorgio.land\/#organization","name":"Terre di Giorgio","url":"https:\/\/giorgio.land\/","logo":{"@type":"ImageObject","inLanguage":"de","@id":"https:\/\/giorgio.land\/#\/schema\/logo\/image\/","url":"https:\/\/giorgio.land\/wp-content\/uploads\/2026\/08\/terre-di-giorgio-favicon-transparent.png","contentUrl":"https:\/\/giorgio.land\/wp-content\/uploads\/2026\/08\/terre-di-giorgio-favicon-transparent.png","width":1254,"height":1254,"caption":"Terre di Giorgio"},"image":{"@id":"https:\/\/giorgio.land\/#\/schema\/logo\/image\/"},"sameAs":["https:\/\/www.facebook.com\/profile.php?id=756019147604508","https:\/\/www.instagram.com\/terredigiorgio\/"]}]}},"_links":{"self":[{"href":"https:\/\/giorgio.land\/de\/wp-json\/wp\/v2\/pages\/1801","targetHints":{"allow":["GET"]}}],"collection":[{"href":"https:\/\/giorgio.land\/de\/wp-json\/wp\/v2\/pages"}],"about":[{"href":"https:\/\/giorgio.land\/de\/wp-json\/wp\/v2\/types\/page"}],"author":[{"embeddable":true,"href":"https:\/\/giorgio.land\/de\/wp-json\/wp\/v2\/users\/2"}],"replies":[{"embeddable":true,"href":"https:\/\/giorgio.land\/de\/wp-json\/wp\/v2\/comments?post=1801"}],"version-history":[{"count":4,"href":"https:\/\/giorgio.land\/de\/wp-json\/wp\/v2\/pages\/1801\/revisions"}],"predecessor-version":[{"id":2293,"href":"https:\/\/giorgio.land\/de\/wp-json\/wp\/v2\/pages\/1801\/revisions\/2293"}],"wp:featuredmedia":[{"embeddable":true,"href":"https:\/\/giorgio.land\/de\/wp-json\/wp\/v2\/media\/2170"}],"wp:attachment":[{"href":"https:\/\/giorgio.land\/de\/wp-json\/wp\/v2\/media?parent=1801"}],"curies":[{"name":"wp","href":"https:\/\/api.w.org\/{rel}","templated":true}]}}